{"id":225,"date":"2021-05-07T16:56:33","date_gmt":"2021-05-07T14:56:33","guid":{"rendered":"http:\/\/lesdocsdenoirmoutier.fr\/?page_id=225"},"modified":"2026-03-16T21:19:02","modified_gmt":"2026-03-16T20:19:02","slug":"lassociation-23n85o","status":"publish","type":"page","link":"https:\/\/lesdocsdenoirmoutier.fr\/?page_id=225","title":{"rendered":"L&rsquo;association"},"content":{"rendered":"<h2>L&rsquo;association<\/h2>\n<p>L\u2019association Les Docs de Noirmoutier (anciennement 23N85O), fond\u00e9e en juin 2019 par Jean-Baptiste Clapeau et Sylvain Maugens a pour mission la promotion du documentaire, et notamment par l\u2019organisation du festival Les Docs de Noirmoutier. Il est n\u00e9 du d\u00e9sir d\u2019explorer sur l\u2019\u00eele diff\u00e9rentes formes, narratives et techniques du documentaire qu\u2019elles soient cin\u00e9matographiques, sonores et exp\u00e9riment\u00e9es.<\/p>\n<p>En lien avec le festival, l&rsquo;association d\u00e9veloppe d\u2019autres activit\u00e9s \u00e0 l&rsquo;ann\u00e9e comme des ateliers \u00e0 destination des jeunes publics et des s\u00e9niors, des projections th\u00e9matiques saisonni\u00e8res, etc.\u00a0<\/p>\n<p>Notre association s\u2019ancre sur l\u2019\u00eele afin de d\u00e9fendre l\u2019acc\u00e8s \u00e0 la culture pour toutes et tous, de cultiver et d\u2019exercer son sens critique, de d\u00e9couvrir d\u2019autres regards sur le monde.<\/p>\n<h2>L&rsquo;\u00e9quipe<\/h2>\n<p>\t\t\t\t\t\t\t\t\t\t\t\t\t\t\t<img fetchpriority=\"high\" decoding=\"async\" width=\"1024\" height=\"1024\" src=\"https:\/\/lesdocsdenoirmoutier.fr\/wp-content\/uploads\/2021\/05\/E\u0301quipe.003-1024x1024.jpeg\" alt=\"\" srcset=\"https:\/\/lesdocsdenoirmoutier.fr\/wp-content\/uploads\/2021\/05\/E\u0301quipe.003.jpeg 1024w, https:\/\/lesdocsdenoirmoutier.fr\/wp-content\/uploads\/2021\/05\/E\u0301quipe.003-300x300.jpeg 300w, https:\/\/lesdocsdenoirmoutier.fr\/wp-content\/uploads\/2021\/05\/E\u0301quipe.003-150x150.jpeg 150w, https:\/\/lesdocsdenoirmoutier.fr\/wp-content\/uploads\/2021\/05\/E\u0301quipe.003-768x768.jpeg 768w\" sizes=\"(max-width: 1024px) 100vw, 1024px\" \/>\t\t\t\t\t\t\t\t\t\t\t\t\t\t\t<\/p>\n<h2>JEAN-BAPTISTE CLAPEAU<\/h2>\n<h2>Co-fondateur <\/h2>\n<p>\t\t\t\t\t\t\t\t\t\t\t\t\t\t\t<img decoding=\"async\" width=\"1024\" height=\"1024\" src=\"https:\/\/lesdocsdenoirmoutier.fr\/wp-content\/uploads\/2021\/05\/E\u0301quipe.002-1024x1024.jpeg\" alt=\"\" srcset=\"https:\/\/lesdocsdenoirmoutier.fr\/wp-content\/uploads\/2021\/05\/E\u0301quipe.002.jpeg 1024w, https:\/\/lesdocsdenoirmoutier.fr\/wp-content\/uploads\/2021\/05\/E\u0301quipe.002-300x300.jpeg 300w, https:\/\/lesdocsdenoirmoutier.fr\/wp-content\/uploads\/2021\/05\/E\u0301quipe.002-150x150.jpeg 150w, https:\/\/lesdocsdenoirmoutier.fr\/wp-content\/uploads\/2021\/05\/E\u0301quipe.002-768x768.jpeg 768w\" sizes=\"(max-width: 1024px) 100vw, 1024px\" \/>\t\t\t\t\t\t\t\t\t\t\t\t\t\t\t<\/p>\n<h2>SYLVAIN MAUGENS<\/h2>\n<h2>Co-fondateur<\/h2>\n<p>\t\t\t\t\t\t\t\t\t\t\t\t\t\t\t<img decoding=\"async\" width=\"1024\" height=\"989\" src=\"https:\/\/lesdocsdenoirmoutier.fr\/wp-content\/uploads\/2022\/09\/Vincent-POUPLARD-1-1024x989.jpg\" alt=\"\" srcset=\"https:\/\/lesdocsdenoirmoutier.fr\/wp-content\/uploads\/2022\/09\/Vincent-POUPLARD-1-1024x989.jpg 1024w, https:\/\/lesdocsdenoirmoutier.fr\/wp-content\/uploads\/2022\/09\/Vincent-POUPLARD-1-300x290.jpg 300w, https:\/\/lesdocsdenoirmoutier.fr\/wp-content\/uploads\/2022\/09\/Vincent-POUPLARD-1-768x742.jpg 768w, https:\/\/lesdocsdenoirmoutier.fr\/wp-content\/uploads\/2022\/09\/Vincent-POUPLARD-1-1536x1484.jpg 1536w, https:\/\/lesdocsdenoirmoutier.fr\/wp-content\/uploads\/2022\/09\/Vincent-POUPLARD-1.jpg 1769w\" sizes=\"(max-width: 1024px) 100vw, 1024px\" \/>\t\t\t\t\t\t\t\t\t\t\t\t\t\t\t<\/p>\n<h2>VINCENT POUPLARD<\/h2>\n<h2>Conseiller \u00e0 la<br \/>\nprogrammation<\/h2>\n<p>\t\t\t\t\t\t\t\t\t\t\t\t\t\t\t<img loading=\"lazy\" decoding=\"async\" width=\"1024\" height=\"1024\" src=\"https:\/\/lesdocsdenoirmoutier.fr\/wp-content\/uploads\/2021\/05\/r.001-1024x1024.jpeg\" alt=\"\" srcset=\"https:\/\/lesdocsdenoirmoutier.fr\/wp-content\/uploads\/2021\/05\/r.001.jpeg 1024w, https:\/\/lesdocsdenoirmoutier.fr\/wp-content\/uploads\/2021\/05\/r.001-300x300.jpeg 300w, https:\/\/lesdocsdenoirmoutier.fr\/wp-content\/uploads\/2021\/05\/r.001-150x150.jpeg 150w, https:\/\/lesdocsdenoirmoutier.fr\/wp-content\/uploads\/2021\/05\/r.001-768x768.jpeg 768w\" sizes=\"(max-width: 1024px) 100vw, 1024px\" \/>\t\t\t\t\t\t\t\t\t\t\t\t\t\t\t<\/p>\n<h2>MAXIMILIEN ZAMANSKI<\/h2>\n<h2>Responsable Jeunesse et<br \/>\nAteliers Scolaires, Programmation documentaires sonores<\/h2>\n<p>\t\t\t\t\t\t\t\t\t\t\t\t\t\t\t<img loading=\"lazy\" decoding=\"async\" width=\"1024\" height=\"1024\" src=\"https:\/\/lesdocsdenoirmoutier.fr\/wp-content\/uploads\/2022\/08\/AURELIE-1024x1024.jpg\" alt=\"\" srcset=\"https:\/\/lesdocsdenoirmoutier.fr\/wp-content\/uploads\/2022\/08\/AURELIE-1024x1024.jpg 1024w, https:\/\/lesdocsdenoirmoutier.fr\/wp-content\/uploads\/2022\/08\/AURELIE-300x300.jpg 300w, https:\/\/lesdocsdenoirmoutier.fr\/wp-content\/uploads\/2022\/08\/AURELIE-150x150.jpg 150w, https:\/\/lesdocsdenoirmoutier.fr\/wp-content\/uploads\/2022\/08\/AURELIE-768x768.jpg 768w, https:\/\/lesdocsdenoirmoutier.fr\/wp-content\/uploads\/2022\/08\/AURELIE.jpg 1080w\" sizes=\"(max-width: 1024px) 100vw, 1024px\" \/>\t\t\t\t\t\t\t\t\t\t\t\t\t\t\t<\/p>\n<h2>AUR\u00c9LIE MARQUES<\/h2>\n<h2>Documentaires sonores et communication<\/h2>\n<p>\t\t\t\t\t\t\t\t\t\t\t\t\t\t\t<img loading=\"lazy\" decoding=\"async\" width=\"372\" height=\"372\" src=\"https:\/\/lesdocsdenoirmoutier.fr\/wp-content\/uploads\/2023\/04\/EAcollodionround-1.png\" alt=\"\" srcset=\"https:\/\/lesdocsdenoirmoutier.fr\/wp-content\/uploads\/2023\/04\/EAcollodionround-1.png 372w, https:\/\/lesdocsdenoirmoutier.fr\/wp-content\/uploads\/2023\/04\/EAcollodionround-1-300x300.png 300w, https:\/\/lesdocsdenoirmoutier.fr\/wp-content\/uploads\/2023\/04\/EAcollodionround-1-150x150.png 150w\" sizes=\"(max-width: 372px) 100vw, 372px\" \/>\t\t\t\t\t\t\t\t\t\t\t\t\t\t\t<\/p>\n<h2>EGLANTINE AUBRY<\/h2>\n<h2>Communication et m\u00e9c\u00e9nat<\/h2>\n<p>\t\t\t\t\t\t\t\t\t\t\t\t\t\t\t<img loading=\"lazy\" decoding=\"async\" width=\"1024\" height=\"1024\" src=\"https:\/\/lesdocsdenoirmoutier.fr\/wp-content\/uploads\/2023\/10\/Bruno-Trombi-Site-1024x1024.jpg\" alt=\"\" srcset=\"https:\/\/lesdocsdenoirmoutier.fr\/wp-content\/uploads\/2023\/10\/Bruno-Trombi-Site.jpg 1024w, https:\/\/lesdocsdenoirmoutier.fr\/wp-content\/uploads\/2023\/10\/Bruno-Trombi-Site-300x300.jpg 300w, https:\/\/lesdocsdenoirmoutier.fr\/wp-content\/uploads\/2023\/10\/Bruno-Trombi-Site-150x150.jpg 150w, https:\/\/lesdocsdenoirmoutier.fr\/wp-content\/uploads\/2023\/10\/Bruno-Trombi-Site-768x768.jpg 768w\" sizes=\"(max-width: 1024px) 100vw, 1024px\" \/>\t\t\t\t\t\t\t\t\t\t\t\t\t\t\t<\/p>\n<h2>BRUNO POILVET<\/h2>\n<h2>Jeunesse et Ateliers Scolaires<\/h2>\n<p>\t\t\t\t\t\t\t\t\t\t\t\t\t\t\t<img loading=\"lazy\" decoding=\"async\" width=\"1024\" height=\"1024\" src=\"https:\/\/lesdocsdenoirmoutier.fr\/wp-content\/uploads\/2022\/08\/manon-1-1024x1024.jpg\" alt=\"\" srcset=\"https:\/\/lesdocsdenoirmoutier.fr\/wp-content\/uploads\/2022\/08\/manon-1-1024x1024.jpg 1024w, https:\/\/lesdocsdenoirmoutier.fr\/wp-content\/uploads\/2022\/08\/manon-1-300x300.jpg 300w, https:\/\/lesdocsdenoirmoutier.fr\/wp-content\/uploads\/2022\/08\/manon-1-150x150.jpg 150w, https:\/\/lesdocsdenoirmoutier.fr\/wp-content\/uploads\/2022\/08\/manon-1-768x768.jpg 768w, https:\/\/lesdocsdenoirmoutier.fr\/wp-content\/uploads\/2022\/08\/manon-1.jpg 1080w\" sizes=\"(max-width: 1024px) 100vw, 1024px\" \/>\t\t\t\t\t\t\t\t\t\t\t\t\t\t\t<\/p>\n<h2>MANON LANJOU\u00c8RE<\/h2>\n<h2>Commissaire d&rsquo;exposition photographique<\/h2>\n<p>\t\t\t\t\t\t\t\t\t\t\t\t\t\t\t<img loading=\"lazy\" decoding=\"async\" width=\"1024\" height=\"1024\" src=\"https:\/\/lesdocsdenoirmoutier.fr\/wp-content\/uploads\/2022\/08\/COLLINE-1024x1024.jpg\" alt=\"\" srcset=\"https:\/\/lesdocsdenoirmoutier.fr\/wp-content\/uploads\/2022\/08\/COLLINE-1024x1024.jpg 1024w, https:\/\/lesdocsdenoirmoutier.fr\/wp-content\/uploads\/2022\/08\/COLLINE-300x300.jpg 300w, https:\/\/lesdocsdenoirmoutier.fr\/wp-content\/uploads\/2022\/08\/COLLINE-150x150.jpg 150w, https:\/\/lesdocsdenoirmoutier.fr\/wp-content\/uploads\/2022\/08\/COLLINE-768x768.jpg 768w, https:\/\/lesdocsdenoirmoutier.fr\/wp-content\/uploads\/2022\/08\/COLLINE.jpg 1080w\" sizes=\"(max-width: 1024px) 100vw, 1024px\" \/>\t\t\t\t\t\t\t\t\t\t\t\t\t\t\t<\/p>\n<h2>COLINE PORTET<\/h2>\n<h2>Responsable Coordination et  Logistique<\/h2>\n<h2>Nos initiatives<\/h2>\n","protected":false},"excerpt":{"rendered":"<p>L&rsquo;association L\u2019association Les Docs de Noirmoutier (anciennement 23N85O), fond\u00e9e en juin 2019 par Jean-Baptiste Clapeau et Sylvain Maugens a pour mission la promotion du documentaire, et notamment par l\u2019organisation du festival Les Docs de Noirmoutier. Il est n\u00e9 du d\u00e9sir d\u2019explorer sur l\u2019\u00eele diff\u00e9rentes formes, narratives et techniques du documentaire qu\u2019elles soient cin\u00e9matographiques, sonores et&#8230;<\/p>\n","protected":false},"author":1,"featured_media":0,"parent":0,"menu_order":0,"comment_status":"closed","ping_status":"closed","template":"","meta":{"_mo_disable_npp":"","_kad_post_transparent":"","_kad_post_title":"hide","_kad_post_layout":"fullwidth","_kad_post_sidebar_id":"","_kad_post_content_style":"unboxed","_kad_post_vertical_padding":"hide","_kad_post_feature":"hide","_kad_post_feature_position":"","_kad_post_header":false,"_kad_post_footer":false,"footnotes":""},"class_list":["post-225","page","type-page","status-publish","hentry"],"yoast_head":"<!-- This site is optimized with the Yoast SEO plugin v27.5 - https:\/\/yoast.com\/product\/yoast-seo-wordpress\/ -->\n<title>L&#039;association - Les Docs de Noirmoutier<\/title>\n<meta name=\"description\" content=\"Depuis 2021, les Docs de Noirmoutier m\u00e8nent des actions dans le but d\u2019ouvrir les horizons artistiques et culturels et de faire d\u00e9couvrir les diff\u00e9rentes formes documentaires au plus grand nombre : films, documentaires sonores, photographie\u2026 Ateliers scolaires et projections sont organis\u00e9s toute l\u2019ann\u00e9e sur l\u2019Ile. Au printemps, les Docs de Noirmoutier organisent leur festival, moment convivial o\u00f9 se rencontrent le grand public et les professionnels du documentaire.\" \/>\n<meta name=\"robots\" content=\"index, follow, max-snippet:-1, max-image-preview:large, max-video-preview:-1\" \/>\n<link rel=\"canonical\" href=\"https:\/\/lesdocsdenoirmoutier.fr\/?page_id=225\" \/>\n<meta property=\"og:locale\" content=\"fr_FR\" \/>\n<meta property=\"og:type\" content=\"article\" \/>\n<meta property=\"og:title\" content=\"L&#039;association - Les Docs de Noirmoutier\" \/>\n<meta property=\"og:description\" content=\"Depuis 2021, les Docs de Noirmoutier m\u00e8nent des actions dans le but d\u2019ouvrir les horizons artistiques et culturels et de faire d\u00e9couvrir les diff\u00e9rentes formes documentaires au plus grand nombre : films, documentaires sonores, photographie\u2026 Ateliers scolaires et projections sont organis\u00e9s toute l\u2019ann\u00e9e sur l\u2019Ile. Au printemps, les Docs de Noirmoutier organisent leur festival, moment convivial o\u00f9 se rencontrent le grand public et les professionnels du documentaire.\" \/>\n<meta property=\"og:url\" content=\"https:\/\/lesdocsdenoirmoutier.fr\/?page_id=225\" \/>\n<meta property=\"og:site_name\" content=\"Les Docs de Noirmoutier\" \/>\n<meta property=\"article:publisher\" content=\"https:\/\/www.facebook.com\/lesdocsdenoirmoutier\" \/>\n<meta property=\"article:modified_time\" content=\"2026-03-16T20:19:02+00:00\" \/>\n<meta property=\"og:image\" content=\"https:\/\/lesdocsdenoirmoutier.fr\/wp-content\/uploads\/2022\/09\/Vincent-POUPLARD-1-1024x989.jpg\" \/>\n<meta name=\"twitter:card\" content=\"summary_large_image\" \/>\n<meta name=\"twitter:label1\" content=\"Dur\u00e9e de lecture estim\u00e9e\" \/>\n\t<meta name=\"twitter:data1\" content=\"3 minutes\" \/>\n<script type=\"application\/ld+json\" class=\"yoast-schema-graph\">{\"@context\":\"https:\\\/\\\/schema.org\",\"@graph\":[{\"@type\":\"WebPage\",\"@id\":\"https:\\\/\\\/lesdocsdenoirmoutier.fr\\\/?page_id=225\",\"url\":\"https:\\\/\\\/lesdocsdenoirmoutier.fr\\\/?page_id=225\",\"name\":\"L'association - Les Docs de Noirmoutier\",\"isPartOf\":{\"@id\":\"https:\\\/\\\/lesdocsdenoirmoutier.fr\\\/#website\"},\"primaryImageOfPage\":{\"@id\":\"https:\\\/\\\/lesdocsdenoirmoutier.fr\\\/?page_id=225#primaryimage\"},\"image\":{\"@id\":\"https:\\\/\\\/lesdocsdenoirmoutier.fr\\\/?page_id=225#primaryimage\"},\"thumbnailUrl\":\"https:\\\/\\\/lesdocsdenoirmoutier.fr\\\/wp-content\\\/uploads\\\/2022\\\/09\\\/Vincent-POUPLARD-1-1024x989.jpg\",\"datePublished\":\"2021-05-07T14:56:33+00:00\",\"dateModified\":\"2026-03-16T20:19:02+00:00\",\"description\":\"Depuis 2021, les Docs de Noirmoutier m\u00e8nent des actions dans le but d\u2019ouvrir les horizons artistiques et culturels et de faire d\u00e9couvrir les diff\u00e9rentes formes documentaires au plus grand nombre : films, documentaires sonores, photographie\u2026 Ateliers scolaires et projections sont organis\u00e9s toute l\u2019ann\u00e9e sur l\u2019Ile. Au printemps, les Docs de Noirmoutier organisent leur festival, moment convivial o\u00f9 se rencontrent le grand public et les professionnels du documentaire.\",\"breadcrumb\":{\"@id\":\"https:\\\/\\\/lesdocsdenoirmoutier.fr\\\/?page_id=225#breadcrumb\"},\"inLanguage\":\"fr-FR\",\"potentialAction\":[{\"@type\":\"ReadAction\",\"target\":[\"https:\\\/\\\/lesdocsdenoirmoutier.fr\\\/?page_id=225\"]}]},{\"@type\":\"ImageObject\",\"inLanguage\":\"fr-FR\",\"@id\":\"https:\\\/\\\/lesdocsdenoirmoutier.fr\\\/?page_id=225#primaryimage\",\"url\":\"https:\\\/\\\/lesdocsdenoirmoutier.fr\\\/wp-content\\\/uploads\\\/2022\\\/09\\\/Vincent-POUPLARD-1.jpg\",\"contentUrl\":\"https:\\\/\\\/lesdocsdenoirmoutier.fr\\\/wp-content\\\/uploads\\\/2022\\\/09\\\/Vincent-POUPLARD-1.jpg\",\"width\":1769,\"height\":1709},{\"@type\":\"BreadcrumbList\",\"@id\":\"https:\\\/\\\/lesdocsdenoirmoutier.fr\\\/?page_id=225#breadcrumb\",\"itemListElement\":[{\"@type\":\"ListItem\",\"position\":1,\"name\":\"Accueil\",\"item\":\"https:\\\/\\\/lesdocsdenoirmoutier.fr\\\/\"},{\"@type\":\"ListItem\",\"position\":2,\"name\":\"L&rsquo;association\"}]},{\"@type\":\"WebSite\",\"@id\":\"https:\\\/\\\/lesdocsdenoirmoutier.fr\\\/#website\",\"url\":\"https:\\\/\\\/lesdocsdenoirmoutier.fr\\\/\",\"name\":\"Les Docs de Noirmoutier\",\"description\":\"Festival de Documentaires sur l\u2019\u00eele de Noirmoutier\",\"publisher\":{\"@id\":\"https:\\\/\\\/lesdocsdenoirmoutier.fr\\\/#organization\"},\"potentialAction\":[{\"@type\":\"SearchAction\",\"target\":{\"@type\":\"EntryPoint\",\"urlTemplate\":\"https:\\\/\\\/lesdocsdenoirmoutier.fr\\\/?s={search_term_string}\"},\"query-input\":{\"@type\":\"PropertyValueSpecification\",\"valueRequired\":true,\"valueName\":\"search_term_string\"}}],\"inLanguage\":\"fr-FR\"},{\"@type\":\"Organization\",\"@id\":\"https:\\\/\\\/lesdocsdenoirmoutier.fr\\\/#organization\",\"name\":\"Les Docs de Noirmoutier\",\"url\":\"https:\\\/\\\/lesdocsdenoirmoutier.fr\\\/\",\"logo\":{\"@type\":\"ImageObject\",\"inLanguage\":\"fr-FR\",\"@id\":\"https:\\\/\\\/lesdocsdenoirmoutier.fr\\\/#\\\/schema\\\/logo\\\/image\\\/\",\"url\":\"https:\\\/\\\/lesdocsdenoirmoutier.fr\\\/wp-content\\\/uploads\\\/2021\\\/05\\\/cropped-HD_LES-DOCS-DE-NOIRMOUTIERS_Logo_RVB_Fond-Clair-1.png\",\"contentUrl\":\"https:\\\/\\\/lesdocsdenoirmoutier.fr\\\/wp-content\\\/uploads\\\/2021\\\/05\\\/cropped-HD_LES-DOCS-DE-NOIRMOUTIERS_Logo_RVB_Fond-Clair-1.png\",\"width\":7064,\"height\":3098,\"caption\":\"Les Docs de Noirmoutier\"},\"image\":{\"@id\":\"https:\\\/\\\/lesdocsdenoirmoutier.fr\\\/#\\\/schema\\\/logo\\\/image\\\/\"},\"sameAs\":[\"https:\\\/\\\/www.facebook.com\\\/lesdocsdenoirmoutier\",\"https:\\\/\\\/www.instagram.com\\\/lesdocsdenoirmoutier\\\/\"]}]}<\/script>\n<!-- \/ Yoast SEO plugin. -->","yoast_head_json":{"title":"L'association - Les Docs de Noirmoutier","description":"Depuis 2021, les Docs de Noirmoutier m\u00e8nent des actions dans le but d\u2019ouvrir les horizons artistiques et culturels et de faire d\u00e9couvrir les diff\u00e9rentes formes documentaires au plus grand nombre : films, documentaires sonores, photographie\u2026 Ateliers scolaires et projections sont organis\u00e9s toute l\u2019ann\u00e9e sur l\u2019Ile. Au printemps, les Docs de Noirmoutier organisent leur festival, moment convivial o\u00f9 se rencontrent le grand public et les professionnels du documentaire.","robots":{"index":"index","follow":"follow","max-snippet":"max-snippet:-1","max-image-preview":"max-image-preview:large","max-video-preview":"max-video-preview:-1"},"canonical":"https:\/\/lesdocsdenoirmoutier.fr\/?page_id=225","og_locale":"fr_FR","og_type":"article","og_title":"L'association - Les Docs de Noirmoutier","og_description":"Depuis 2021, les Docs de Noirmoutier m\u00e8nent des actions dans le but d\u2019ouvrir les horizons artistiques et culturels et de faire d\u00e9couvrir les diff\u00e9rentes formes documentaires au plus grand nombre : films, documentaires sonores, photographie\u2026 Ateliers scolaires et projections sont organis\u00e9s toute l\u2019ann\u00e9e sur l\u2019Ile. Au printemps, les Docs de Noirmoutier organisent leur festival, moment convivial o\u00f9 se rencontrent le grand public et les professionnels du documentaire.","og_url":"https:\/\/lesdocsdenoirmoutier.fr\/?page_id=225","og_site_name":"Les Docs de Noirmoutier","article_publisher":"https:\/\/www.facebook.com\/lesdocsdenoirmoutier","article_modified_time":"2026-03-16T20:19:02+00:00","og_image":[{"url":"https:\/\/lesdocsdenoirmoutier.fr\/wp-content\/uploads\/2022\/09\/Vincent-POUPLARD-1-1024x989.jpg","type":"","width":"","height":""}],"twitter_card":"summary_large_image","twitter_misc":{"Dur\u00e9e de lecture estim\u00e9e":"3 minutes"},"schema":{"@context":"https:\/\/schema.org","@graph":[{"@type":"WebPage","@id":"https:\/\/lesdocsdenoirmoutier.fr\/?page_id=225","url":"https:\/\/lesdocsdenoirmoutier.fr\/?page_id=225","name":"L'association - Les Docs de Noirmoutier","isPartOf":{"@id":"https:\/\/lesdocsdenoirmoutier.fr\/#website"},"primaryImageOfPage":{"@id":"https:\/\/lesdocsdenoirmoutier.fr\/?page_id=225#primaryimage"},"image":{"@id":"https:\/\/lesdocsdenoirmoutier.fr\/?page_id=225#primaryimage"},"thumbnailUrl":"https:\/\/lesdocsdenoirmoutier.fr\/wp-content\/uploads\/2022\/09\/Vincent-POUPLARD-1-1024x989.jpg","datePublished":"2021-05-07T14:56:33+00:00","dateModified":"2026-03-16T20:19:02+00:00","description":"Depuis 2021, les Docs de Noirmoutier m\u00e8nent des actions dans le but d\u2019ouvrir les horizons artistiques et culturels et de faire d\u00e9couvrir les diff\u00e9rentes formes documentaires au plus grand nombre : films, documentaires sonores, photographie\u2026 Ateliers scolaires et projections sont organis\u00e9s toute l\u2019ann\u00e9e sur l\u2019Ile. Au printemps, les Docs de Noirmoutier organisent leur festival, moment convivial o\u00f9 se rencontrent le grand public et les professionnels du documentaire.","breadcrumb":{"@id":"https:\/\/lesdocsdenoirmoutier.fr\/?page_id=225#breadcrumb"},"inLanguage":"fr-FR","potentialAction":[{"@type":"ReadAction","target":["https:\/\/lesdocsdenoirmoutier.fr\/?page_id=225"]}]},{"@type":"ImageObject","inLanguage":"fr-FR","@id":"https:\/\/lesdocsdenoirmoutier.fr\/?page_id=225#primaryimage","url":"https:\/\/lesdocsdenoirmoutier.fr\/wp-content\/uploads\/2022\/09\/Vincent-POUPLARD-1.jpg","contentUrl":"https:\/\/lesdocsdenoirmoutier.fr\/wp-content\/uploads\/2022\/09\/Vincent-POUPLARD-1.jpg","width":1769,"height":1709},{"@type":"BreadcrumbList","@id":"https:\/\/lesdocsdenoirmoutier.fr\/?page_id=225#breadcrumb","itemListElement":[{"@type":"ListItem","position":1,"name":"Accueil","item":"https:\/\/lesdocsdenoirmoutier.fr\/"},{"@type":"ListItem","position":2,"name":"L&rsquo;association"}]},{"@type":"WebSite","@id":"https:\/\/lesdocsdenoirmoutier.fr\/#website","url":"https:\/\/lesdocsdenoirmoutier.fr\/","name":"Les Docs de Noirmoutier","description":"Festival de Documentaires sur l\u2019\u00eele de Noirmoutier","publisher":{"@id":"https:\/\/lesdocsdenoirmoutier.fr\/#organization"},"potentialAction":[{"@type":"SearchAction","target":{"@type":"EntryPoint","urlTemplate":"https:\/\/lesdocsdenoirmoutier.fr\/?s={search_term_string}"},"query-input":{"@type":"PropertyValueSpecification","valueRequired":true,"valueName":"search_term_string"}}],"inLanguage":"fr-FR"},{"@type":"Organization","@id":"https:\/\/lesdocsdenoirmoutier.fr\/#organization","name":"Les Docs de Noirmoutier","url":"https:\/\/lesdocsdenoirmoutier.fr\/","logo":{"@type":"ImageObject","inLanguage":"fr-FR","@id":"https:\/\/lesdocsdenoirmoutier.fr\/#\/schema\/logo\/image\/","url":"https:\/\/lesdocsdenoirmoutier.fr\/wp-content\/uploads\/2021\/05\/cropped-HD_LES-DOCS-DE-NOIRMOUTIERS_Logo_RVB_Fond-Clair-1.png","contentUrl":"https:\/\/lesdocsdenoirmoutier.fr\/wp-content\/uploads\/2021\/05\/cropped-HD_LES-DOCS-DE-NOIRMOUTIERS_Logo_RVB_Fond-Clair-1.png","width":7064,"height":3098,"caption":"Les Docs de Noirmoutier"},"image":{"@id":"https:\/\/lesdocsdenoirmoutier.fr\/#\/schema\/logo\/image\/"},"sameAs":["https:\/\/www.facebook.com\/lesdocsdenoirmoutier","https:\/\/www.instagram.com\/lesdocsdenoirmoutier\/"]}]}},"_links":{"self":[{"href":"https:\/\/lesdocsdenoirmoutier.fr\/index.php?rest_route=\/wp\/v2\/pages\/225","targetHints":{"allow":["GET"]}}],"collection":[{"href":"https:\/\/lesdocsdenoirmoutier.fr\/index.php?rest_route=\/wp\/v2\/pages"}],"about":[{"href":"https:\/\/lesdocsdenoirmoutier.fr\/index.php?rest_route=\/wp\/v2\/types\/page"}],"author":[{"embeddable":true,"href":"https:\/\/lesdocsdenoirmoutier.fr\/index.php?rest_route=\/wp\/v2\/users\/1"}],"replies":[{"embeddable":true,"href":"https:\/\/lesdocsdenoirmoutier.fr\/index.php?rest_route=%2Fwp%2Fv2%2Fcomments&post=225"}],"version-history":[{"count":62,"href":"https:\/\/lesdocsdenoirmoutier.fr\/index.php?rest_route=\/wp\/v2\/pages\/225\/revisions"}],"predecessor-version":[{"id":6676,"href":"https:\/\/lesdocsdenoirmoutier.fr\/index.php?rest_route=\/wp\/v2\/pages\/225\/revisions\/6676"}],"wp:attachment":[{"href":"https:\/\/lesdocsdenoirmoutier.fr\/index.php?rest_route=%2Fwp%2Fv2%2Fmedia&parent=225"}],"curies":[{"name":"wp","href":"https:\/\/api.w.org\/{rel}","templated":true}]}}